{"id":74,"date":"2025-11-25T21:03:02","date_gmt":"2025-11-25T20:03:02","guid":{"rendered":"https:\/\/assembleedeschretiens.com\/?page_id=74"},"modified":"2026-02-03T17:37:48","modified_gmt":"2026-02-03T16:37:48","slug":"institut-biblique","status":"publish","type":"page","link":"https:\/\/assembleedeschretiens.com\/index.php\/institut-biblique\/","title":{"rendered":"Institut Biblique"},"content":{"rendered":"<p>[et_pb_section fb_built=\u00a0\u00bb1&Prime; _builder_version=\u00a0\u00bb4.27.4&Prime; _module_preset=\u00a0\u00bbdefault\u00a0\u00bb background_color=\u00a0\u00bb#D6D6D6&Prime; use_background_color_gradient=\u00a0\u00bbon\u00a0\u00bb background_color_gradient_stops=\u00a0\u00bb#2b87da 0%|#ffffff 100%\u00a0\u00bb background_enable_image=\u00a0\u00bboff\u00a0\u00bb background_size=\u00a0\u00bbinitial\u00a0\u00bb background_repeat=\u00a0\u00bbspace\u00a0\u00bb background_enable_pattern_style=\u00a0\u00bbon\u00a0\u00bb background_pattern_style=\u00a0\u00bbhoneycomb\u00a0\u00bb background_pattern_color=\u00a0\u00bb#D6D6D6&Prime; global_colors_info=\u00a0\u00bb{}\u00a0\u00bb][et_pb_row _builder_version=\u00a0\u00bb4.27.4&Prime; _module_preset=\u00a0\u00bbdefault\u00a0\u00bb background_color=\u00a0\u00bb#8F8F8F\u00a0\u00bb custom_padding=\u00a0\u00bb|20px||20px|false|false\u00a0\u00bb border_radii=\u00a0\u00bbon|20px|20px|20px|20px\u00a0\u00bb global_colors_info=\u00a0\u00bb{}\u00a0\u00bb][et_pb_column type=\u00a0\u00bb4_4&Prime; _builder_version=\u00a0\u00bb4.27.4&Prime; _module_preset=\u00a0\u00bbdefault\u00a0\u00bb global_colors_info=\u00a0\u00bb{}\u00a0\u00bb][et_pb_text _builder_version=\u00a0\u00bb4.27.4&Prime; _module_preset=\u00a0\u00bbdefault\u00a0\u00bb text_font=\u00a0\u00bbArial||||||||\u00a0\u00bb text_font_size=\u00a0\u00bb41px\u00a0\u00bb background_color=\u00a0\u00bb#FFFFFF\u00a0\u00bb text_orientation=\u00a0\u00bbcenter\u00a0\u00bb border_radii=\u00a0\u00bbon|20px|20px|20px|20px\u00a0\u00bb global_colors_info=\u00a0\u00bb{}\u00a0\u00bb]<\/p>\n<p>&nbsp;<\/p>\n<p>Institut Biblique<\/p>\n<p>&nbsp;<\/p>\n<p>[\/et_pb_text][et_pb_image src=\u00a0\u00bbhttps:\/\/assembleedeschretiens.com\/wp-content\/uploads\/2025\/11\/bible-ouverte.jpg\u00a0\u00bb title_text=\u00a0\u00bbbible ouverte\u00a0\u00bb align=\u00a0\u00bbcenter\u00a0\u00bb _builder_version=\u00a0\u00bb4.27.4&Prime; _module_preset=\u00a0\u00bbdefault\u00a0\u00bb background_enable_image=\u00a0\u00bboff\u00a0\u00bb global_colors_info=\u00a0\u00bb{}\u00a0\u00bb][\/et_pb_image][et_pb_text _builder_version=\u00a0\u00bb4.27.4&Prime; _module_preset=\u00a0\u00bbdefault\u00a0\u00bb text_font=\u00a0\u00bbArial||||||||\u00a0\u00bb text_font_size=\u00a0\u00bb19px\u00a0\u00bb text_line_height=\u00a0\u00bb1.8em\u00a0\u00bb background_color=\u00a0\u00bb#FFFFFF\u00a0\u00bb custom_padding=\u00a0\u00bb|20px||20px|false|false\u00a0\u00bb border_radii=\u00a0\u00bbon|20px|20px|20px|20px\u00a0\u00bb global_colors_info=\u00a0\u00bb{}\u00a0\u00bb]<\/p>\n<p style=\"text-align: center;\">\n<p style=\"text-align: center;\">\n<p style=\"text-align: center;\">L&rsquo;institut Biblique permet de mieux comprendre la bible \u00e0 la lumi\u00e8re du Saint Esprit.<\/p>\n<p style=\"text-align: left;\"><span style=\"text-decoration: underline;\">Pri\u00e8re proph\u00e9tique :<\/span> \u00ab Saint-Esprit, je me pr\u00e9sente comme un Olivier \u00e0 Geths\u00e9man\u00e9. Presse, \u00e9crase et \u00f4te de moi toute impuret\u00e9. Je d\u00e9sire que mon corps et mon \u00e2me soient consacr\u00e9s pour produire l&rsquo;huile pure qui alimente Ta flamme en moi. Que ma vie ne soit plus que l&rsquo;expression de Christ (Galates 2:20). \u00bb<\/p>\n<p style=\"text-align: center;\">\u00ab\u00a0L&rsquo;onction se gagne par la cons\u00e9cration, en acceptant de mourir \u00e0 soi pour produire l&rsquo;huile pure.\u00a0\u00bb<\/p>\n<p style=\"text-align: center;\"><em>(Li\u00e9 \u00e0 Geths\u00e9man\u00e9 et \u00e0 Galates 2:20).<\/em><\/p>\n<p style=\"text-align: center;\"><em><\/em><\/p>\n<p><span style=\"text-decoration: underline;\">Priere Proph\u00e9tique ;<\/span><br \/>Saint-Esprit, pousse-moi, dirige-moi et r\u00e9v\u00e8le-moi comment innover dans mon domaine. Que ma pr\u00e9paration dans le secret soit ma force en public.<\/p>\n<p>&nbsp;<\/p>\n<p>[\/et_pb_text][\/et_pb_column][\/et_pb_row][et_pb_row _builder_version=\u00a0\u00bb4.27.4&Prime; _module_preset=\u00a0\u00bbdefault\u00a0\u00bb global_colors_info=\u00a0\u00bb{}\u00a0\u00bb][et_pb_column type=\u00a0\u00bb4_4&Prime; _builder_version=\u00a0\u00bb4.27.4&Prime; _module_preset=\u00a0\u00bbdefault\u00a0\u00bb global_colors_info=\u00a0\u00bb{}\u00a0\u00bb][et_pb_image src=\u00a0\u00bbhttps:\/\/assembleedeschretiens.com\/wp-content\/uploads\/2025\/11\/margarette.jpg\u00a0\u00bb title_text=\u00a0\u00bbmargarette\u00a0\u00bb _builder_version=\u00a0\u00bb4.27.4&Prime; _module_preset=\u00a0\u00bbdefault\u00a0\u00bb border_radii=\u00a0\u00bbon|20px|20px|20px|20px\u00a0\u00bb box_shadow_style=\u00a0\u00bbpreset1&Prime; global_colors_info=\u00a0\u00bb{}\u00a0\u00bb][\/et_pb_image][\/et_pb_column][\/et_pb_row][\/et_pb_section]<\/p>\n","protected":false},"excerpt":{"rendered":"<p>&nbsp; Institut Biblique &nbsp; L&rsquo;institut Biblique permet de mieux comprendre la bible \u00e0 la lumi\u00e8re du Saint Esprit. Pri\u00e8re proph\u00e9tique : \u00ab Saint-Esprit, je me pr\u00e9sente comme un Olivier \u00e0 Geths\u00e9man\u00e9. Presse, \u00e9crase et \u00f4te de moi toute impuret\u00e9. Je d\u00e9sire que mon corps et mon \u00e2me soient consacr\u00e9s pour produire l&rsquo;huile pure qui alimente [&hellip;]<\/p>\n","protected":false},"author":1,"featured_media":0,"parent":0,"menu_order":0,"comment_status":"closed","ping_status":"closed","template":"","meta":{"_et_pb_use_builder":"on","_et_pb_old_content":"","_et_gb_content_width":"","_joinchat":[],"footnotes":""},"class_list":["post-74","page","type-page","status-publish","hentry"],"_links":{"self":[{"href":"https:\/\/assembleedeschretiens.com\/index.php\/wp-json\/wp\/v2\/pages\/74","targetHints":{"allow":["GET"]}}],"collection":[{"href":"https:\/\/assembleedeschretiens.com\/index.php\/wp-json\/wp\/v2\/pages"}],"about":[{"href":"https:\/\/assembleedeschretiens.com\/index.php\/wp-json\/wp\/v2\/types\/page"}],"author":[{"embeddable":true,"href":"https:\/\/assembleedeschretiens.com\/index.php\/wp-json\/wp\/v2\/users\/1"}],"replies":[{"embeddable":true,"href":"https:\/\/assembleedeschretiens.com\/index.php\/wp-json\/wp\/v2\/comments?post=74"}],"version-history":[{"count":14,"href":"https:\/\/assembleedeschretiens.com\/index.php\/wp-json\/wp\/v2\/pages\/74\/revisions"}],"predecessor-version":[{"id":2021,"href":"https:\/\/assembleedeschretiens.com\/index.php\/wp-json\/wp\/v2\/pages\/74\/revisions\/2021"}],"wp:attachment":[{"href":"https:\/\/assembleedeschretiens.com\/index.php\/wp-json\/wp\/v2\/media?parent=74"}],"curies":[{"name":"wp","href":"https:\/\/api.w.org\/{rel}","templated":true}]}}