{"id":1425,"date":"2025-12-01T00:04:29","date_gmt":"2025-11-30T23:04:29","guid":{"rendered":"https:\/\/assembleedeschretiens.com\/?page_id=1425"},"modified":"2025-12-08T14:56:52","modified_gmt":"2025-12-08T13:56:52","slug":"nous-connaitre","status":"publish","type":"page","link":"https:\/\/assembleedeschretiens.com\/index.php\/nous-connaitre\/","title":{"rendered":"Nous conna\u00eetre"},"content":{"rendered":"<p>[et_pb_section fb_built=\u00a0\u00bb1&Prime; fullwidth=\u00a0\u00bbon\u00a0\u00bb _builder_version=\u00a0\u00bb4.27.4&Prime; _module_preset=\u00a0\u00bbdefault\u00a0\u00bb background_color=\u00a0\u00bb#8300E9&Prime; use_background_color_gradient=\u00a0\u00bbon\u00a0\u00bb background_color_gradient_stops=\u00a0\u00bb#9200a5 0%|#001860 100%\u00a0\u00bb custom_padding=\u00a0\u00bb||5px|||\u00a0\u00bb border_radii=\u00a0\u00bbon|200px|200px|200px|200px\u00a0\u00bb locked=\u00a0\u00bboff\u00a0\u00bb global_colors_info=\u00a0\u00bb{}\u00a0\u00bb][et_pb_fullwidth_image src=\u00a0\u00bbhttps:\/\/assembleedeschretiens.com\/wp-content\/uploads\/2025\/11\/bandeau.webp\u00a0\u00bb title_text=\u00a0\u00bbbandeau\u00a0\u00bb _builder_version=\u00a0\u00bb4.27.4&Prime; _module_preset=\u00a0\u00bbdefault\u00a0\u00bb width=\u00a0\u00bb44%\u00a0\u00bb module_alignment=\u00a0\u00bbcenter\u00a0\u00bb global_colors_info=\u00a0\u00bb{}\u00a0\u00bb][\/et_pb_fullwidth_image][\/et_pb_section][et_pb_section fb_built=\u00a0\u00bb1&Prime; disabled_on=\u00a0\u00bboff|off|off\u00a0\u00bb _builder_version=\u00a0\u00bb4.27.5&Prime; _module_preset=\u00a0\u00bbdefault\u00a0\u00bb background_color=\u00a0\u00bb#FFFFFF\u00a0\u00bb background_enable_pattern_style=\u00a0\u00bbon\u00a0\u00bb background_pattern_style=\u00a0\u00bbdiagonal-stripes-2&Prime; background_pattern_color=\u00a0\u00bb#FFFFFF\u00a0\u00bb background_enable_mask_style=\u00a0\u00bbon\u00a0\u00bb background_mask_color=\u00a0\u00bb#FFFFFF\u00a0\u00bb locked=\u00a0\u00bboff\u00a0\u00bb global_colors_info=\u00a0\u00bb{}\u00a0\u00bb][et_pb_row column_structure=\u00a0\u00bb1_4,3_4&Prime; _builder_version=\u00a0\u00bb4.27.5&Prime; _module_preset=\u00a0\u00bbdefault\u00a0\u00bb background_enable_image=\u00a0\u00bboff\u00a0\u00bb global_colors_info=\u00a0\u00bb{}\u00a0\u00bb][et_pb_column type=\u00a0\u00bb1_4&Prime; _builder_version=\u00a0\u00bb4.27.4&Prime; _module_preset=\u00a0\u00bbdefault\u00a0\u00bb global_colors_info=\u00a0\u00bb{}\u00a0\u00bb][et_pb_image src=\u00a0\u00bbhttps:\/\/assembleedeschretiens.com\/wp-content\/uploads\/2025\/11\/Couple-pastoral.jpg\u00a0\u00bb title_text=\u00a0\u00bbCouple pastoral\u00a0\u00bb _builder_version=\u00a0\u00bb4.27.5&Prime; _module_preset=\u00a0\u00bbdefault\u00a0\u00bb transform_rotate=\u00a0\u00bb0deg|180deg|0deg\u00a0\u00bb border_radii=\u00a0\u00bbon|10px|10px|10px|10px\u00a0\u00bb box_shadow_style=\u00a0\u00bbpreset2&Prime; global_colors_info=\u00a0\u00bb{}\u00a0\u00bb][\/et_pb_image][\/et_pb_column][et_pb_column type=\u00a0\u00bb3_4&Prime; _builder_version=\u00a0\u00bb4.27.4&Prime; _module_preset=\u00a0\u00bbdefault\u00a0\u00bb global_colors_info=\u00a0\u00bb{}\u00a0\u00bb][et_pb_heading title=\u00a0\u00bbNotre Histoire\u00a0\u00bb _builder_version=\u00a0\u00bb4.27.4&Prime; _module_preset=\u00a0\u00bbdefault\u00a0\u00bb global_colors_info=\u00a0\u00bb{}\u00a0\u00bb][\/et_pb_heading][et_pb_text _builder_version=\u00a0\u00bb4.27.4&Prime; _module_preset=\u00a0\u00bbdefault\u00a0\u00bb global_colors_info=\u00a0\u00bb{}\u00a0\u00bb]<\/p>\n<p style=\"text-align: justify;\"><span>Notre Assembl\u00e9e est n\u00e9e humblement en 2018, par la foi, dans une \u00e9glise de maison de son Serviteur Patrick Tangbandet \u00e0 Andr\u00e9 Putman en Normandie \u00e0 Rouen, apr\u00e8s la R\u00e9v\u00e9lation de L&rsquo;\u00c9ternel par Vision de commencer une Assembl\u00e9e qui s&rsquo;appellera \u00ab Assembl\u00e9e des Chr\u00e9tiens \u00bb et vision \u00ab Perfectionnement des Saints \u00bb. Les premi\u00e8res r\u00e9unions se tenaient en semaine et le dimanche apr\u00e8s-midi pour enseigner la Parole et prier. D&rsquo;autres serviteurs de Dieu sont venus rejoindre cette initiative en 2019.<\/span><\/p>\n<p style=\"text-align: justify;\">\n<p style=\"text-align: justify;\">Face au nombre grandissant des fr\u00e8res et s\u0153urs en Christ, il n&rsquo;\u00e9tait plus possible de les recevoir dans de bonnes conditions. C&rsquo;est pourquoi la d\u00e9cision fut prise par le conseil de l&rsquo;\u00e9glise de trouver un local afin d\u2019ouvrir une \u00e9glise au c\u0153ur du quartier Saint Sever \u00e0 ROUEN.<\/p>\n<p style=\"text-align: justify;\">\n<p style=\"text-align: justify;\">Cette initiative a donn\u00e9 lieu \u00e0 ce qui fut le premier miracle pour notre \u00e9glise : l&rsquo;ouverture de ses portes \u00e0 la veille du premier confinement et des restrictions de regroupement qui s\u2019imposaient \u00e0 toutes les \u00e9glises. Ce fut une p\u00e9riode difficile pour les jeunes \u00e9glises qui ont, pour certaines, d\u00fb fermer leurs portes. Mais c\u2019\u00e9tait sans compter sur la volont\u00e9 de Dieu, l\u2019opini\u00e2tret\u00e9 de nos pasteurs, de leurs \u00e9pouses engag\u00e9es et des premiers membres de l\u2019Assembl\u00e9e des Chr\u00e9tiens.<\/p>\n<p style=\"text-align: justify;\">\n<div dir=\"auto\" style=\"text-align: justify;\">C\u2019est donc aussi l\u2019histoire de fr\u00e8res et s\u0153urs de la premi\u00e8re heure qui ont investi sans compter leur temps et leur courage pour l\u2019\u00e9dification de l\u2019\u00e9glise. Une histoire que l\u2019on voudrait ordinaire d\u2019une famille en Christ pouss\u00e9e par son Amour. Par leur engagement et malgr\u00e9 le confinement, les enseignements ont \u00e9t\u00e9 maintenus en ligne et les travaux d\u2019am\u00e9nagement se sont poursuivis gr\u00e2ce \u00e0 leur pugnacit\u00e9 sans faille.<\/div>\n<p>[\/et_pb_text][et_pb_heading title=\u00a0\u00bbNotre Mission et Fondement\u00a0\u00bb _builder_version=\u00a0\u00bb4.27.4&Prime; _module_preset=\u00a0\u00bbdefault\u00a0\u00bb global_colors_info=\u00a0\u00bb{}\u00a0\u00bb][\/et_pb_heading][et_pb_text _builder_version=\u00a0\u00bb4.27.4&Prime; _module_preset=\u00a0\u00bbdefault\u00a0\u00bb custom_padding=\u00a0\u00bb0px|||||\u00a0\u00bb global_colors_info=\u00a0\u00bb{}\u00a0\u00bb]<\/p>\n<div dir=\"auto\" style=\"text-align: justify;\">Notre fondation repose sur l&rsquo;annonce de la Bonne Nouvelle du Royaume de Dieu. Notre mission est claire et se d\u00e9ploie \u00e0 travers :<\/div>\n<ul>\n<li dir=\"auto\" style=\"text-align: justify;\">L&rsquo;affermissement des croyants dans la foi.<\/li>\n<li dir=\"auto\" style=\"text-align: justify;\">La formation des disciples pour Christ.<\/li>\n<li dir=\"auto\" style=\"text-align: justify;\">L\u2019\u00e9quipement et l&rsquo;\u00e9tablissement des Saints en vue de leur perfectionnement pour leur vocation<\/li>\n<\/ul>\n<div dir=\"auto\" style=\"text-align: justify;\"><\/div>\n<div dir=\"auto\" style=\"text-align: justify;\">L&rsquo;objectif ultime de cette \u0153uvre est la manifestation du R\u00e8gne de Dieu localement et dans toutes les nations. Nous avons l&rsquo;appel d&rsquo;\u00ab aller partout \u00bb.<\/div>\n<p>[\/et_pb_text][\/et_pb_column][\/et_pb_row][et_pb_row _builder_version=\u00a0\u00bb4.27.4&Prime; _module_preset=\u00a0\u00bbdefault\u00a0\u00bb global_colors_info=\u00a0\u00bb{}\u00a0\u00bb][et_pb_column type=\u00a0\u00bb4_4&Prime; _builder_version=\u00a0\u00bb4.27.4&Prime; _module_preset=\u00a0\u00bbdefault\u00a0\u00bb global_colors_info=\u00a0\u00bb{}\u00a0\u00bb][et_pb_heading title=\u00a0\u00bbLes Trois Piliers de Notre Vie d&rsquo;Assembl\u00e9e\u00a0\u00bb _builder_version=\u00a0\u00bb4.27.4&Prime; _module_preset=\u00a0\u00bbdefault\u00a0\u00bb title_text_align=\u00a0\u00bbcenter\u00a0\u00bb global_colors_info=\u00a0\u00bb{}\u00a0\u00bb][\/et_pb_heading][et_pb_text _builder_version=\u00a0\u00bb4.27.4&Prime; _module_preset=\u00a0\u00bbdefault\u00a0\u00bb global_colors_info=\u00a0\u00bb{}\u00a0\u00bb]<\/p>\n<p style=\"text-align: center;\">Pour accomplir cette mission, notre vie d&rsquo;Assembl\u00e9e s&rsquo;articule autour de trois principes fondamentaux tir\u00e9s des \u00c9critures :<\/p>\n<p>[\/et_pb_text][\/et_pb_column][\/et_pb_row][et_pb_row column_structure=\u00a0\u00bb1_3,1_3,1_3&Prime; _builder_version=\u00a0\u00bb4.27.5&Prime; _module_preset=\u00a0\u00bbdefault\u00a0\u00bb custom_margin=\u00a0\u00bb||||false|false\u00a0\u00bb custom_padding=\u00a0\u00bb|10px||10px|false|false\u00a0\u00bb border_radii=\u00a0\u00bbon|8px|8px|8px|8px\u00a0\u00bb border_width_all=\u00a0\u00bb1px\u00a0\u00bb border_color_all=\u00a0\u00bb#d8d8d8&Prime; box_shadow_style=\u00a0\u00bbpreset2&Prime; global_colors_info=\u00a0\u00bb{}\u00a0\u00bb][et_pb_column type=\u00a0\u00bb1_3&Prime; _builder_version=\u00a0\u00bb4.27.4&Prime; _module_preset=\u00a0\u00bbdefault\u00a0\u00bb global_colors_info=\u00a0\u00bb{}\u00a0\u00bb][et_pb_text _builder_version=\u00a0\u00bb4.27.5&Prime; _module_preset=\u00a0\u00bbdefault\u00a0\u00bb text_orientation=\u00a0\u00bbjustified\u00a0\u00bb custom_padding=\u00a0\u00bb0px|||||\u00a0\u00bb global_colors_info=\u00a0\u00bb{}\u00a0\u00bb]<\/p>\n<div dir=\"auto\"><strong><img decoding=\"async\" data-emoji=\"\ud83d\udd4a\ufe0f\" alt=\"\ud83d\udd4a\ufe0f\" aria-label=\"\ud83d\udd4a\ufe0f\" draggable=\"false\" src=\"https:\/\/fonts.gstatic.com\/s\/e\/notoemoji\/16.0\/1f54a_fe0f\/72.png\" loading=\"lazy\" style=\"display: block; margin-left: auto; margin-right: auto;\" \/><\/strong><\/div>\n<div dir=\"auto\" style=\"text-align: center;\"><strong>La Libert\u00e9 et la Transformation par l&rsquo;Esprit<\/strong><\/div>\n<div dir=\"auto\"><\/div>\n<div dir=\"auto\">Nous croyons \u00e0 la puissance de l&rsquo;Esprit pour op\u00e9rer la v\u00e9ritable libert\u00e9 et la transformation. Notre d\u00e9sir est de voir des vies se renouveler, de gloire en gloire :<\/div>\n<div dir=\"auto\"><\/div>\n<div dir=\"auto\" style=\"text-align: center;\"><em>\u00ab Or, le Seigneur c\u2019est l\u2019Esprit; et l\u00e0 o\u00f9 est l\u2019Esprit du Seigneur, l\u00e0 est la libert\u00e9. Nous tous qui&#8230; contemplons comme dans un miroir la gloire du Seigneur, nous sommes transform\u00e9s en la m\u00eame image, de gloire en gloire, comme par le Seigneur, l\u2019Esprit. \u00bb<\/em><\/div>\n<div dir=\"auto\" style=\"text-align: center;\">(2 Corinthiens 3:17-18)<\/div>\n<div dir=\"auto\"><\/div>\n<div dir=\"auto\">Notre vision est de voir chaque croyant exercer joyeusement et librement sa foi en Christ.<\/div>\n<p>[\/et_pb_text][\/et_pb_column][et_pb_column type=\u00a0\u00bb1_3&Prime; _builder_version=\u00a0\u00bb4.27.4&Prime; _module_preset=\u00a0\u00bbdefault\u00a0\u00bb global_colors_info=\u00a0\u00bb{}\u00a0\u00bb][et_pb_text _builder_version=\u00a0\u00bb4.27.5&Prime; _module_preset=\u00a0\u00bbdefault\u00a0\u00bb custom_padding=\u00a0\u00bb0px|||||\u00a0\u00bb global_colors_info=\u00a0\u00bb{}\u00a0\u00bb]<\/p>\n<div dir=\"auto\" style=\"text-align: center;\"><img decoding=\"async\" data-emoji=\"\ud83d\udc51\" class=\"an1\" alt=\"\ud83d\udc51\" aria-label=\"\ud83d\udc51\" draggable=\"false\" src=\"https:\/\/fonts.gstatic.com\/s\/e\/notoemoji\/16.0\/1f451\/72.png\" loading=\"lazy\" \/><\/div>\n<div dir=\"auto\" style=\"text-align: center;\"><strong>L&rsquo;Ordre de Christ comme Chef<\/strong><\/div>\n<div dir=\"auto\" style=\"text-align: justify;\"><\/div>\n<div dir=\"auto\" style=\"text-align: justify;\">Notre libert\u00e9 en Christ s&rsquo;exprime dans l&rsquo;ordre et le respect de l&rsquo;autorit\u00e9 divine. Nous vivons une foi o\u00f9 la soumission \u00e0 la Parole structure notre marche, nos pasteurs enseignant l&rsquo;importance que :<\/div>\n<div dir=\"auto\" style=\"text-align: center;\"><em>\u00ab Christ est le chef de tout homme&#8230; \u00bb<\/em><\/div>\n<div dir=\"auto\" style=\"text-align: center;\">(1 Corinthiens 11:3)<\/div>\n<div dir=\"auto\" style=\"text-align: justify;\"><\/div>\n<div dir=\"auto\" style=\"text-align: justify;\">C&rsquo;est sous la Chefferie de Christ que nous trouvons notre v\u00e9ritable identit\u00e9, le sens de nos engagements et le cadre pour notre croissance.<\/div>\n<p>[\/et_pb_text][\/et_pb_column][et_pb_column type=\u00a0\u00bb1_3&Prime; _builder_version=\u00a0\u00bb4.27.4&Prime; _module_preset=\u00a0\u00bbdefault\u00a0\u00bb global_colors_info=\u00a0\u00bb{}\u00a0\u00bb][et_pb_text _builder_version=\u00a0\u00bb4.27.5&Prime; _module_preset=\u00a0\u00bbdefault\u00a0\u00bb background_enable_image=\u00a0\u00bboff\u00a0\u00bb custom_padding=\u00a0\u00bb0px|||||\u00a0\u00bb global_colors_info=\u00a0\u00bb{}\u00a0\u00bb]<\/p>\n<div dir=\"auto\" style=\"text-align: center;\"><span style=\"color: #ffffff;\"><img decoding=\"async\" data-emoji=\"\ud83e\udec2\" class=\"an1\" alt=\"\ud83e\udec2\" aria-label=\"\ud83e\udec2\" draggable=\"false\" src=\"https:\/\/fonts.gstatic.com\/s\/e\/notoemoji\/16.0\/1fac2\/72.png\" loading=\"lazy\" \/><\/span><\/div>\n<div dir=\"auto\" style=\"text-align: center;\"><span style=\"color: #ffffff;\"><strong><span style=\"color: #000000;\">La Fraternit\u00e9, Cl\u00e9 de Vo\u00fbte<\/span><\/strong><\/span><\/div>\n<div dir=\"auto\" style=\"text-align: justify;\"><span style=\"color: #000000;\"><\/span><\/div>\n<div dir=\"auto\" style=\"text-align: justify;\"><span style=\"color: #000000;\">La vie de notre Assembl\u00e9e est profond\u00e9ment marqu\u00e9e par une fraternit\u00e9 chaleureuse et effective. Nous tenons en grande estime cet appel \u00e0 l&rsquo;unit\u00e9 :<\/span><\/div>\n<div dir=\"auto\" style=\"text-align: justify; padding-left: 40px;\"><span style=\"color: #000000;\"><\/span><\/div>\n<div dir=\"auto\" style=\"text-align: center;\"><span style=\"color: #000000;\"><em>\u00ab Voici, oh! qu\u2019il est agr\u00e9able, qu\u2019il est doux pour des fr\u00e8res de demeurer ensemble! \u00bb<\/em> (Psaume 133:1)<\/span><\/div>\n<div dir=\"auto\" style=\"text-align: justify; padding-left: 40px;\"><span style=\"color: #000000;\"><\/span><\/div>\n<div dir=\"auto\" style=\"text-align: justify;\"><span style=\"color: #000000;\">Cette fraternit\u00e9 est une richesse et un engagement quotidien de bienveillance et de solidarit\u00e9, engageant notre vie chr\u00e9tienne et sociale. C&rsquo;est un trait saillant que toute personne peut exp\u00e9rimenter en franchissant les portes de notre \u00e9glise, facilit\u00e9 par le c\u0153ur de nos pasteurs et bergers.<\/span><\/div>\n<p>[\/et_pb_text][\/et_pb_column][\/et_pb_row][\/et_pb_section]<\/p>\n","protected":false},"excerpt":{"rendered":"<p>Notre Assembl\u00e9e est n\u00e9e humblement en 2018, par la foi, dans une \u00e9glise de maison de son Serviteur Patrick Tangbandet \u00e0 Andr\u00e9 Putman en Normandie \u00e0 Rouen, apr\u00e8s la R\u00e9v\u00e9lation de L&rsquo;\u00c9ternel par Vision de commencer une Assembl\u00e9e qui s&rsquo;appellera \u00ab Assembl\u00e9e des Chr\u00e9tiens \u00bb et vision \u00ab Perfectionnement des Saints \u00bb. Les premi\u00e8res r\u00e9unions [&hellip;]<\/p>\n","protected":false},"author":2,"featured_media":0,"parent":0,"menu_order":0,"comment_status":"closed","ping_status":"closed","template":"","meta":{"_et_pb_use_builder":"on","_et_pb_old_content":"","_et_gb_content_width":"","_joinchat":[],"footnotes":""},"class_list":["post-1425","page","type-page","status-publish","hentry"],"_links":{"self":[{"href":"https:\/\/assembleedeschretiens.com\/index.php\/wp-json\/wp\/v2\/pages\/1425","targetHints":{"allow":["GET"]}}],"collection":[{"href":"https:\/\/assembleedeschretiens.com\/index.php\/wp-json\/wp\/v2\/pages"}],"about":[{"href":"https:\/\/assembleedeschretiens.com\/index.php\/wp-json\/wp\/v2\/types\/page"}],"author":[{"embeddable":true,"href":"https:\/\/assembleedeschretiens.com\/index.php\/wp-json\/wp\/v2\/users\/2"}],"replies":[{"embeddable":true,"href":"https:\/\/assembleedeschretiens.com\/index.php\/wp-json\/wp\/v2\/comments?post=1425"}],"version-history":[{"count":22,"href":"https:\/\/assembleedeschretiens.com\/index.php\/wp-json\/wp\/v2\/pages\/1425\/revisions"}],"predecessor-version":[{"id":1887,"href":"https:\/\/assembleedeschretiens.com\/index.php\/wp-json\/wp\/v2\/pages\/1425\/revisions\/1887"}],"wp:attachment":[{"href":"https:\/\/assembleedeschretiens.com\/index.php\/wp-json\/wp\/v2\/media?parent=1425"}],"curies":[{"name":"wp","href":"https:\/\/api.w.org\/{rel}","templated":true}]}}