{"id":1354,"date":"2025-11-30T19:55:43","date_gmt":"2025-11-30T18:55:43","guid":{"rendered":"https:\/\/assembleedeschretiens.com\/?page_id=1354"},"modified":"2025-12-25T23:06:15","modified_gmt":"2025-12-25T22:06:15","slug":"faire-un-don","status":"publish","type":"page","link":"https:\/\/assembleedeschretiens.com\/index.php\/faire-un-don\/","title":{"rendered":"Faire un Don"},"content":{"rendered":"<p>[et_pb_section fb_built=\u00a0\u00bb1&Prime; fullwidth=\u00a0\u00bbon\u00a0\u00bb _builder_version=\u00a0\u00bb4.27.4&Prime; _module_preset=\u00a0\u00bbdefault\u00a0\u00bb background_color=\u00a0\u00bb#8300E9&Prime; use_background_color_gradient=\u00a0\u00bbon\u00a0\u00bb background_color_gradient_stops=\u00a0\u00bb#9200a5 0%|#001860 100%\u00a0\u00bb custom_padding=\u00a0\u00bb||5px|||\u00a0\u00bb border_radii=\u00a0\u00bbon|200px|200px|200px|200px\u00a0\u00bb locked=\u00a0\u00bboff\u00a0\u00bb global_colors_info=\u00a0\u00bb{}\u00a0\u00bb][et_pb_fullwidth_image src=\u00a0\u00bbhttps:\/\/assembleedeschretiens.com\/wp-content\/uploads\/2025\/11\/bandeau.webp\u00a0\u00bb title_text=\u00a0\u00bbbandeau\u00a0\u00bb _builder_version=\u00a0\u00bb4.27.4&Prime; _module_preset=\u00a0\u00bbdefault\u00a0\u00bb width=\u00a0\u00bb44%\u00a0\u00bb module_alignment=\u00a0\u00bbcenter\u00a0\u00bb global_colors_info=\u00a0\u00bb{}\u00a0\u00bb][\/et_pb_fullwidth_image][\/et_pb_section][et_pb_section fb_built=\u00a0\u00bb1&Prime; _builder_version=\u00a0\u00bb4.27.5&Prime; _module_preset=\u00a0\u00bbdefault\u00a0\u00bb background_enable_color=\u00a0\u00bboff\u00a0\u00bb background_enable_mask_style=\u00a0\u00bbon\u00a0\u00bb background_mask_style=\u00a0\u00bbarch\u00a0\u00bb background_mask_color=\u00a0\u00bb#bb81e8&Prime; global_colors_info=\u00a0\u00bb{}\u00a0\u00bb][et_pb_row column_structure=\u00a0\u00bb1_2,1_2&Prime; _builder_version=\u00a0\u00bb4.27.5&Prime; _module_preset=\u00a0\u00bbdefault\u00a0\u00bb global_colors_info=\u00a0\u00bb{}\u00a0\u00bb][et_pb_column type=\u00a0\u00bb1_2&Prime; _builder_version=\u00a0\u00bb4.27.5&Prime; _module_preset=\u00a0\u00bbdefault\u00a0\u00bb global_colors_info=\u00a0\u00bb{}\u00a0\u00bb][et_pb_text _builder_version=\u00a0\u00bb4.27.5&Prime; _module_preset=\u00a0\u00bbdefault\u00a0\u00bb text_text_color=\u00a0\u00bb#FFFFFF\u00a0\u00bb text_font_size=\u00a0\u00bb64px\u00a0\u00bb header_font=\u00a0\u00bb||||||||\u00a0\u00bb header_text_align=\u00a0\u00bbcenter\u00a0\u00bb header_text_color=\u00a0\u00bb#FFFFFF\u00a0\u00bb header_font_size=\u00a0\u00bb75px\u00a0\u00bb header_line_height=\u00a0\u00bb0em\u00a0\u00bb text_line_height_tablet=\u00a0\u00bb\u00a0\u00bb text_line_height_phone=\u00a0\u00bb1.1em\u00a0\u00bb text_line_height_last_edited=\u00a0\u00bbon|phone\u00a0\u00bb text_text_shadow_style=\u00a0\u00bbpreset1&Prime; text_text_shadow_horizontal_length=\u00a0\u00bb0.13em\u00a0\u00bb text_text_shadow_vertical_length=\u00a0\u00bb0.07em\u00a0\u00bb header_text_shadow_style=\u00a0\u00bbpreset5&Prime; header_text_shadow_color=\u00a0\u00bb#8300E9&Prime; global_colors_info=\u00a0\u00bb{}\u00a0\u00bb]<\/p>\n<p style=\"text-align: center;\"><strong>FAIRE UN DON<\/strong><\/p>\n<p>[\/et_pb_text][et_pb_text _builder_version=\u00a0\u00bb4.27.5&Prime; _module_preset=\u00a0\u00bbdefault\u00a0\u00bb text_font_size=\u00a0\u00bb17px\u00a0\u00bb custom_padding=\u00a0\u00bb25px|||16px|false|false\u00a0\u00bb global_colors_info=\u00a0\u00bb{}\u00a0\u00bb]<\/p>\n<p style=\"text-align: justify;\">Gr\u00e2ce \u00e0 vous, l\u2019Eglise Assembl\u00e9e de Chr\u00e9tiens peut mettre en \u0153uvre la vision que Dieu a mis sur notre c\u0153ur pour notre prochain :<\/p>\n<p style=\"text-align: center;\">\u201c<em><strong>Prends soin de mes brebis<\/strong><\/em>\u201d.<\/p>\n<p style=\"text-align: justify;\">Cela devient possible gr\u00e2ce \u00e0 votre soutien financier, par un don ponctuel ou r\u00e9current.<\/p>\n<p>[\/et_pb_text][\/et_pb_column][et_pb_column type=\u00a0\u00bb1_2&Prime; _builder_version=\u00a0\u00bb4.27.5&Prime; _module_preset=\u00a0\u00bbdefault\u00a0\u00bb global_colors_info=\u00a0\u00bb{}\u00a0\u00bb][et_pb_image src=\u00a0\u00bbhttps:\/\/assembleedeschretiens.com\/wp-content\/uploads\/2025\/12\/Don_image.jpg\u00a0\u00bb title_text=\u00a0\u00bbDon_image\u00a0\u00bb align=\u00a0\u00bbcenter\u00a0\u00bb _builder_version=\u00a0\u00bb4.27.5&Prime; _module_preset=\u00a0\u00bbdefault\u00a0\u00bb transform_scale=\u00a0\u00bb164%|164%\u00a0\u00bb transform_translate=\u00a0\u00bb-9px|14px\u00a0\u00bb border_radii=\u00a0\u00bbon|8px|8px|8px|8px\u00a0\u00bb global_colors_info=\u00a0\u00bb{}\u00a0\u00bb][\/et_pb_image][\/et_pb_column][\/et_pb_row][et_pb_row column_structure=\u00a0\u00bb1_4,3_4&Prime; _builder_version=\u00a0\u00bb4.27.5&Prime; _module_preset=\u00a0\u00bbdefault\u00a0\u00bb global_colors_info=\u00a0\u00bb{}\u00a0\u00bb][et_pb_column type=\u00a0\u00bb1_4&Prime; _builder_version=\u00a0\u00bb4.27.5&Prime; _module_preset=\u00a0\u00bbdefault\u00a0\u00bb global_colors_info=\u00a0\u00bb{}\u00a0\u00bb][et_pb_image src=\u00a0\u00bbhttps:\/\/assembleedeschretiens.com\/wp-content\/uploads\/2025\/12\/QR-Code-Don.jpeg\u00a0\u00bb title_text=\u00a0\u00bbQR Code Don\u00a0\u00bb url=\u00a0\u00bbhttps:\/\/www.helloasso.com\/associations\/assemblee-des-chretiens-rouen\/formulaires\/1&Prime; show_bottom_space=\u00a0\u00bboff\u00a0\u00bb _builder_version=\u00a0\u00bb4.27.5&Prime; _module_preset=\u00a0\u00bbdefault\u00a0\u00bb transform_scale=\u00a0\u00bb86%|86%\u00a0\u00bb box_shadow_style=\u00a0\u00bbpreset1&Prime; global_colors_info=\u00a0\u00bb{}\u00a0\u00bb][\/et_pb_image][\/et_pb_column][et_pb_column type=\u00a0\u00bb3_4&Prime; _builder_version=\u00a0\u00bb4.27.5&Prime; _module_preset=\u00a0\u00bbdefault\u00a0\u00bb global_colors_info=\u00a0\u00bb{}\u00a0\u00bb][et_pb_text _builder_version=\u00a0\u00bb4.27.5&Prime; _module_preset=\u00a0\u00bbdefault\u00a0\u00bb text_font_size=\u00a0\u00bb17px\u00a0\u00bb link_font_size=\u00a0\u00bb18px\u00a0\u00bb text_orientation=\u00a0\u00bbjustified\u00a0\u00bb hover_enabled=\u00a0\u00bb0&Prime; global_colors_info=\u00a0\u00bb{}\u00a0\u00bb content__hover_enabled=\u00a0\u00bboff|desktop\u00a0\u00bb sticky_enabled=\u00a0\u00bb0&Prime;]<\/p>\n<p>Vous avez la possibilit\u00e9 de nous faire parvenir vos dons, d\u00eemes et offrandes par<\/p>\n<p>&nbsp;<\/p>\n<ul>\n<li><strong>Carte bancaire<\/strong>, en remplissant le <span style=\"color: #003366;\"><a href=\"https:\/\/www.helloasso.com\/associations\/assemblee-des-chretiens-rouen\/formulaires\/1\" style=\"color: #003366;\" target=\"_blank\" rel=\"noopener\">formulaire HelloAsso<\/a><\/span> ou en cliquant\/scannant sur le QR Code<\/li>\n<li><strong>Ch\u00e8que<\/strong>, (l\u2019ordre est \u00ab Eglise Assembl\u00e9e de Chr\u00e9tiens \u00bb) \u00e0 l\u2019adresse suivante : Eglise Assembl\u00e9e des Chr\u00e9tiens \u2013 22 Place Henri Gadeau de Kerville, 76100 Rouen<\/li>\n<li><strong>Virement<\/strong>, <a href=\"https:\/\/assembleedeschretiens.com\/wp-content\/uploads\/2025\/12\/RIB_ASSEMBLEE_DES_CHRETIENS.pdf\" title=\"RIB Assembl\u00e9e des Chr\u00e9tiens\" target=\"_blank\" rel=\"noopener\"><span style=\"color: #003366;\">cliquez ici pour t\u00e9l\u00e9charger le RIB<\/span><\/a><br \/>Indiquer imp\u00e9rativement sur le libell\u00e9 : Nom, pr\u00e9nom, adresse postale et adresse mail (si couple, pr\u00e9cisez les 2 pr\u00e9noms). Garder toujours le m\u00eame libell\u00e9 si virements r\u00e9currents.<\/li>\n<\/ul>\n<p>[\/et_pb_text][\/et_pb_column][\/et_pb_row][\/et_pb_section][et_pb_section fb_built=\u00a0\u00bb1&Prime; _builder_version=\u00a0\u00bb4.27.5&Prime; _module_preset=\u00a0\u00bbdefault\u00a0\u00bb global_colors_info=\u00a0\u00bb{}\u00a0\u00bb][et_pb_row _builder_version=\u00a0\u00bb4.27.5&Prime; _module_preset=\u00a0\u00bbdefault\u00a0\u00bb custom_padding=\u00a0\u00bb10px|10px||10px|false|false\u00a0\u00bb border_radii=\u00a0\u00bbon|8px|8px|8px|8px\u00a0\u00bb border_width_all=\u00a0\u00bb1px\u00a0\u00bb global_colors_info=\u00a0\u00bb{}\u00a0\u00bb][et_pb_column type=\u00a0\u00bb4_4&Prime; _builder_version=\u00a0\u00bb4.27.5&Prime; _module_preset=\u00a0\u00bbdefault\u00a0\u00bb global_colors_info=\u00a0\u00bb{}\u00a0\u00bb][et_pb_text _builder_version=\u00a0\u00bb4.27.5&Prime; _module_preset=\u00a0\u00bbdefault\u00a0\u00bb text_font_size=\u00a0\u00bb20px\u00a0\u00bb global_colors_info=\u00a0\u00bb{}\u00a0\u00bb]<\/p>\n<p><strong>! R\u00c9DUCTIONS FISCALES<\/strong><\/p>\n<p>[\/et_pb_text][et_pb_text _builder_version=\u00a0\u00bb4.27.5&Prime; _module_preset=\u00a0\u00bbdefault\u00a0\u00bb custom_margin=\u00a0\u00bb-20px||-20px||false|false\u00a0\u00bb custom_padding=\u00a0\u00bb||||false|false\u00a0\u00bb global_colors_info=\u00a0\u00bb{}\u00a0\u00bb]<\/p>\n<p style=\"text-align: justify;\">Les dons au profit des associations et des fondations ouvrent droit \u00e0 des r\u00e9ductions d&rsquo;imp\u00f4t : 66% \u00e0 d\u00e9duire de votre imp\u00f4t sur le revenu \/ 75% de votre IFI \/ 60% de l&rsquo;imp\u00f4t sur les soci\u00e9t\u00e9s.<\/p>\n<p style=\"text-align: justify;\">Autre information importante, l\u2019Assembl\u00e9e de Chr\u00e9tiens, reconnue d\u2019utilit\u00e9 publique, est habilit\u00e9e \u00e0 recevoir des legs, donations et assurances-vie, exempt\u00e9s de droits de succession ou de donation. Si vous souhaitez obtenir des informations sur ces sujets, contactez-nous au <em>assembleedeschretiensrouen@gmail.com<\/em><\/p>\n<p>[\/et_pb_text][\/et_pb_column][\/et_pb_row][\/et_pb_section]<\/p>\n","protected":false},"excerpt":{"rendered":"<p>FAIRE UN DONGr\u00e2ce \u00e0 vous, l\u2019Eglise Assembl\u00e9e de Chr\u00e9tiens peut mettre en \u0153uvre la vision que Dieu a mis sur notre c\u0153ur pour notre prochain : \u201cPrends soin de mes brebis\u201d. Cela devient possible gr\u00e2ce \u00e0 votre soutien financier, par un don ponctuel ou r\u00e9current.Vous avez la possibilit\u00e9 de nous faire parvenir vos dons, d\u00eemes [&hellip;]<\/p>\n","protected":false},"author":3,"featured_media":0,"parent":0,"menu_order":0,"comment_status":"closed","ping_status":"closed","template":"","meta":{"_et_pb_use_builder":"on","_et_pb_old_content":"","_et_gb_content_width":"","_joinchat":[],"footnotes":""},"class_list":["post-1354","page","type-page","status-publish","hentry"],"_links":{"self":[{"href":"https:\/\/assembleedeschretiens.com\/index.php\/wp-json\/wp\/v2\/pages\/1354","targetHints":{"allow":["GET"]}}],"collection":[{"href":"https:\/\/assembleedeschretiens.com\/index.php\/wp-json\/wp\/v2\/pages"}],"about":[{"href":"https:\/\/assembleedeschretiens.com\/index.php\/wp-json\/wp\/v2\/types\/page"}],"author":[{"embeddable":true,"href":"https:\/\/assembleedeschretiens.com\/index.php\/wp-json\/wp\/v2\/users\/3"}],"replies":[{"embeddable":true,"href":"https:\/\/assembleedeschretiens.com\/index.php\/wp-json\/wp\/v2\/comments?post=1354"}],"version-history":[{"count":23,"href":"https:\/\/assembleedeschretiens.com\/index.php\/wp-json\/wp\/v2\/pages\/1354\/revisions"}],"predecessor-version":[{"id":1919,"href":"https:\/\/assembleedeschretiens.com\/index.php\/wp-json\/wp\/v2\/pages\/1354\/revisions\/1919"}],"wp:attachment":[{"href":"https:\/\/assembleedeschretiens.com\/index.php\/wp-json\/wp\/v2\/media?parent=1354"}],"curies":[{"name":"wp","href":"https:\/\/api.w.org\/{rel}","templated":true}]}}